{"id":2,"date":"2024-04-08T22:32:10","date_gmt":"2024-04-08T20:32:10","guid":{"rendered":"https:\/\/sufryd.avertis.pl\/?page_id=2"},"modified":"2024-04-12T22:49:56","modified_gmt":"2024-04-12T20:49:56","slug":"przykladowa-strona","status":"publish","type":"page","link":"https:\/\/sufryd.avertis.pl\/?page_id=2","title":{"rendered":"O mnie"},"content":{"rendered":"\n<p>Malarstwo i rysunek to moja \u017cyciowa pasja, a zainteresowanie sztuk\u0105 si\u0119gaj\u0105 najm\u0142odszych lat. Maluj\u0119 obrazy zar\u00f3wno olejne, jak i akrylowe na p\u0142\u00f3tnie.  Rysuj\u0119 ponadto pos\u0142uguj\u0105c si\u0119  r\u00f3\u017cnymi technikami, m.in. o\u0142\u00f3wek, w\u0119giel, pastel sucha, pastel olejna, sangwina, sepia, techniki mieszane itp.<br>Tematyka prac olejnych jest bardzo r\u00f3\u017cnorodna, pocz\u0105wszy od abstrakcji, poprzez akt, portret, martw\u0105 natur\u0119, pejza\u017c a\u017c po kola\u017c. Charakterystycznym akcentem, zw\u0142aszcza w obrazach ukazuj\u0105cych martw\u0105 natur\u0119 &#8211; g\u0142\u00f3wnie &#8222;kwiaty&#8221; jest p\u0142ynno\u015b\u0107 i harmonia barw.<br>W swoich pracach staram si\u0119 przedstawi\u0107 \u015bwiat realistyczny, niejednokrotnie jednak uciekam<br>w \u015bwiat abstrakcyjny. Pomimo pewnej rozpoznawalnej w swych pracach tendencji do detali, nieustannie poszukuj\u0119 nowych inspiracji, stosuj\u0119 techniki mieszane, aby wykszta\u0142ci\u0107 w\u0142asny niepowtarzalny styl.<\/p>\n\n\n\n<blockquote class=\"wp-block-quote is-layout-flow wp-block-quote-is-layout-flow\">\n<p><\/p>\n\n\n\n<p><\/p>\n<\/blockquote>\n\n\n\n<p><\/p>\n\n\n\n<blockquote class=\"wp-block-quote is-layout-flow wp-block-quote-is-layout-flow\">\n<p><\/p>\n<\/blockquote>\n","protected":false},"excerpt":{"rendered":"<p>Malarstwo i rysunek to moja \u017cyciowa pasja, a zainteresowanie sztuk\u0105 si\u0119gaj\u0105 najm\u0142odszych lat. Maluj\u0119 obrazy zar\u00f3wno olejne, jak i akrylowe na p\u0142\u00f3tnie. Rysuj\u0119 ponadto pos\u0142uguj\u0105c si\u0119 r\u00f3\u017cnymi technikami, m.in. o\u0142\u00f3wek, w\u0119giel, pastel sucha, pastel olejna, sangwina, sepia, techniki mieszane itp.Tematyka prac olejnych jest bardzo r\u00f3\u017cnorodna, pocz\u0105wszy od abstrakcji, poprzez akt, portret, martw\u0105 natur\u0119, pejza\u017c a\u017c &hellip; <\/p>\n<p class=\"link-more\"><a href=\"https:\/\/sufryd.avertis.pl\/?page_id=2\" class=\"more-link\">Czytaj dalej<span class=\"screen-reader-text\"> \u201eO mnie\u201d<\/span><\/a><\/p>\n","protected":false},"author":1,"featured_media":0,"parent":0,"menu_order":0,"comment_status":"closed","ping_status":"open","template":"","meta":{"footnotes":""},"class_list":["post-2","page","type-page","status-publish","hentry"],"aioseo_notices":[],"jetpack_sharing_enabled":true,"_links":{"self":[{"href":"https:\/\/sufryd.avertis.pl\/index.php?rest_route=\/wp\/v2\/pages\/2","targetHints":{"allow":["GET"]}}],"collection":[{"href":"https:\/\/sufryd.avertis.pl\/index.php?rest_route=\/wp\/v2\/pages"}],"about":[{"href":"https:\/\/sufryd.avertis.pl\/index.php?rest_route=\/wp\/v2\/types\/page"}],"author":[{"embeddable":true,"href":"https:\/\/sufryd.avertis.pl\/index.php?rest_route=\/wp\/v2\/users\/1"}],"replies":[{"embeddable":true,"href":"https:\/\/sufryd.avertis.pl\/index.php?rest_route=%2Fwp%2Fv2%2Fcomments&post=2"}],"version-history":[{"count":1,"href":"https:\/\/sufryd.avertis.pl\/index.php?rest_route=\/wp\/v2\/pages\/2\/revisions"}],"predecessor-version":[{"id":69,"href":"https:\/\/sufryd.avertis.pl\/index.php?rest_route=\/wp\/v2\/pages\/2\/revisions\/69"}],"wp:attachment":[{"href":"https:\/\/sufryd.avertis.pl\/index.php?rest_route=%2Fwp%2Fv2%2Fmedia&parent=2"}],"curies":[{"name":"wp","href":"https:\/\/api.w.org\/{rel}","templated":true}]}}